{"id":247379,"date":"2025-02-16T00:00:00","date_gmt":"2025-02-15T21:00:00","guid":{"rendered":""},"modified":"2026-08-06T09:18:26","modified_gmt":"2026-08-06T06:18:26","slug":"fasa-impermiabila-1-strat-7535-cm-teddy-es","status":"publish","type":"product","link":"https:\/\/new.fluture.md\/ro\/produs\/fasa-impermiabila-1-strat-7535-cm-teddy-es\/","title":{"rendered":"Fasa impermeabila 1 strat 75*35 cm Teddy ES"},"content":{"rendered":"Fas\u0103 impermeabil\u0103 este solu\u021bia ideal\u0103 pentru a asigura confortul \u0219i protec\u021bia bebelu\u0219ului t\u0103u \u00een orice vreme.<\/p>\n<p>Construit\u0103 dintr-un material impermeabil de \u00eenalt\u0103 calitate, aceast\u0103 fa\u0219\u0103 protejeaz\u0103 salteaua \u00eempotriva umezelii \u0219i murd\u0103riei, oferind un strat suplimentar de siguran\u021b\u0103.<\/p>\n<p>Designul simplu \u0219i elegant \u00een nuan\u021be de alb se potrive\u0219te cu orice stil.<\/p>\n<p><strong>M\u0103rimi:<\/strong><\/p>\n<ol>\n<li>Lungimea &#8212; 75 cm<\/li>\n<li>L\u0103\u021bimea &#8212; 35 cm<\/li>\n<\/ol>\n<p><strong>Beneficii:<\/strong><\/p>\n<ul>\n<li><strong>Impermeabil\u0103<\/strong> \u2013 Protejeaz\u0103 p\u0103tu\u021bul de umezeal\u0103, transpira\u021bie \u0219i pete.<\/li>\n<li><strong>U\u0219or de \u00eentre\u021binut<\/strong> \u2013 Se poate cur\u0103\u021ba rapid, men\u021bin\u00e2ndu-\u0219i aspectul curat \u0219i proasp\u0103t.<\/li>\n<li><strong>Confort sporit<\/strong> \u2013 Materialul moale \u0219i pl\u0103cut la atingere asigur\u0103 confortul bebelu\u0219ului pe durata plimb\u0103rilor.<\/li>\n<\/ul>\n<p>Alege fa\u0219a impermeabil\u0103 \u0219i ofer\u0103-i bebelu\u0219ului t\u0103u un somn pl\u0103cut \u0219i confortabil.","protected":false},"excerpt":{"rendered":"<p>Fas\u0103 impermeabil\u0103 este solu\u021bia ideal\u0103 pentru a asigura confortul \u0219i protec\u021bia bebelu\u0219ului t\u0103u \u00een orice vreme. Construit\u0103 dintr-un material impermeabil de \u00eenalt\u0103 calitate, aceast\u0103 fa\u0219\u0103 protejeaz\u0103 salteaua \u00eempotriva umezelii \u0219i murd\u0103riei, oferind un strat suplimentar de siguran\u021b\u0103. Designul simplu \u0219i elegant \u00een nuan\u021be de alb se potrive\u0219te cu orice stil. M\u0103rimi: Lungimea &#8212; 75 cm [&hellip;]<\/p>\n","protected":false},"featured_media":228169,"comment_status":"open","ping_status":"closed","template":"","meta":[],"product_brand":[],"product_cat":[802],"product_tag":[],"class_list":["post-247379","product","type-product","status-publish","has-post-thumbnail","product_cat-tekstilnye-pelenki","first","instock","shipping-taxable","purchasable","product-type-simple"],"_links":{"self":[{"href":"https:\/\/new.fluture.md\/ro\/wp-json\/wp\/v2\/product\/247379","targetHints":{"allow":["GET"]}}],"collection":[{"href":"https:\/\/new.fluture.md\/ro\/wp-json\/wp\/v2\/product"}],"about":[{"href":"https:\/\/new.fluture.md\/ro\/wp-json\/wp\/v2\/types\/product"}],"replies":[{"embeddable":true,"href":"https:\/\/new.fluture.md\/ro\/wp-json\/wp\/v2\/comments?post=247379"}],"wp:featuredmedia":[{"embeddable":true,"href":"https:\/\/new.fluture.md\/ro\/wp-json\/wp\/v2\/media\/228169"}],"wp:attachment":[{"href":"https:\/\/new.fluture.md\/ro\/wp-json\/wp\/v2\/media?parent=247379"}],"wp:term":[{"taxonomy":"product_brand","embeddable":true,"href":"https:\/\/new.fluture.md\/ro\/wp-json\/wp\/v2\/product_brand?post=247379"},{"taxonomy":"product_cat","embeddable":true,"href":"https:\/\/new.fluture.md\/ro\/wp-json\/wp\/v2\/product_cat?post=247379"},{"taxonomy":"product_tag","embeddable":true,"href":"https:\/\/new.fluture.md\/ro\/wp-json\/wp\/v2\/product_tag?post=247379"}],"curies":[{"name":"wp","href":"https:\/\/api.w.org\/{rel}","templated":true}]}}