{"id":246715,"date":"2024-10-29T00:00:00","date_gmt":"2024-10-28T21:00:00","guid":{"rendered":""},"modified":"2026-08-06T08:12:12","modified_gmt":"2026-08-06T05:12:12","slug":"saltea-pentru-carucior-si-scaun-auto-jane-perla-vichy-080258-u64","status":"publish","type":"product","link":"https:\/\/new.fluture.md\/ro\/produs\/saltea-pentru-carucior-si-scaun-auto-jane-perla-vichy-080258-u64\/","title":{"rendered":"Saltea pentru carucior si scaun auto Jane Perla Vichy (080258 U64)"},"content":{"rendered":"Salteaua pentru c\u0103rucior \u0219i scaun auto Jane ofer\u0103 copilului dumneavoastr\u0103 confort \u0219i moliciune. Aceasta ajut\u0103 la reglarea transpira\u021biei copilului \u0219i protejeaz\u0103 c\u0103ruciorul.<\/p>\n<p>Este u\u0219or de instalat \u0219i este fabricat\u0103 dintr-un material respirabil, special conceput pentru lunile cele mai c\u0103lduroase ale anului. Se adapteaz\u0103 ca m\u0103rime \u0219i form\u0103, av\u00e2nd \u0219i inele pentru trecerea centurilor de siguran\u021b\u0103.<\/p>\n<p>Saltea universal\u0103 respirabil\u0103.<\/p>\n<p>\u00a0<\/p>\n<p>\u00a0<\/p>\n<p>* Toat\u0103 informa\u021bia publicat\u0103 pe site-ul www.fluture.md, inclusiv pre\u021burile produselor, poart\u0103 caracter informa\u021bional \u0219i nici \u00eentr-un caz nu este o ofert\u0103 public\u0103, definit\u0103 de dispozi\u021biile articolelor 681 \u0219i 805 ale Codului civil al R.M. Nr. 1107 din 06.06.2002. Pentru mai multe informa\u021bii cu privire la stocuri \u0219i costul produselor \u0219i serviciilor, v\u0103 rug\u0103m s\u0103 ne contacta\u021bi la num\u0103rul de telefon: +373 69757176. Parametrii \u0219i componen\u021ba produsului pot fi modificate de produc\u0103tor f\u0103r\u0103 pre\u00eent\u00e2mpinare.","protected":false},"excerpt":{"rendered":"<p>Salteaua pentru c\u0103rucior \u0219i scaun auto Jane ofer\u0103 copilului dumneavoastr\u0103 confort \u0219i moliciune. Aceasta ajut\u0103 la reglarea transpira\u021biei copilului \u0219i protejeaz\u0103 c\u0103ruciorul. Este u\u0219or de instalat \u0219i este fabricat\u0103 dintr-un material respirabil, special conceput pentru lunile cele mai c\u0103lduroase ale anului. Se adapteaz\u0103 ca m\u0103rime \u0219i form\u0103, av\u00e2nd \u0219i inele pentru trecerea centurilor de siguran\u021b\u0103. [&hellip;]<\/p>\n","protected":false},"featured_media":227316,"comment_status":"open","ping_status":"closed","template":"","meta":[],"product_brand":[],"product_cat":[712,767],"product_tag":[],"class_list":["post-246715","product","type-product","status-publish","has-post-thumbnail","product_cat-avtokresla","product_cat-matras-dlya-kolyaski","first","instock","shipping-taxable","purchasable","product-type-simple"],"_links":{"self":[{"href":"https:\/\/new.fluture.md\/ro\/wp-json\/wp\/v2\/product\/246715","targetHints":{"allow":["GET"]}}],"collection":[{"href":"https:\/\/new.fluture.md\/ro\/wp-json\/wp\/v2\/product"}],"about":[{"href":"https:\/\/new.fluture.md\/ro\/wp-json\/wp\/v2\/types\/product"}],"replies":[{"embeddable":true,"href":"https:\/\/new.fluture.md\/ro\/wp-json\/wp\/v2\/comments?post=246715"}],"wp:featuredmedia":[{"embeddable":true,"href":"https:\/\/new.fluture.md\/ro\/wp-json\/wp\/v2\/media\/227316"}],"wp:attachment":[{"href":"https:\/\/new.fluture.md\/ro\/wp-json\/wp\/v2\/media?parent=246715"}],"wp:term":[{"taxonomy":"product_brand","embeddable":true,"href":"https:\/\/new.fluture.md\/ro\/wp-json\/wp\/v2\/product_brand?post=246715"},{"taxonomy":"product_cat","embeddable":true,"href":"https:\/\/new.fluture.md\/ro\/wp-json\/wp\/v2\/product_cat?post=246715"},{"taxonomy":"product_tag","embeddable":true,"href":"https:\/\/new.fluture.md\/ro\/wp-json\/wp\/v2\/product_tag?post=246715"}],"curies":[{"name":"wp","href":"https:\/\/api.w.org\/{rel}","templated":true}]}}